{"id":1795,"date":"2023-04-25T17:28:18","date_gmt":"2023-04-25T15:28:18","guid":{"rendered":"https:\/\/tiszaparton.hu\/?page_id=1795"},"modified":"2024-07-31T16:48:46","modified_gmt":"2024-07-31T14:48:46","slug":"latnivalok-a-tisza-menten","status":"publish","type":"page","link":"https:\/\/tiszaparton.hu\/de\/latnivalok-a-tisza-menten\/","title":{"rendered":"Sehensw\u00fcrdigkeiten"},"content":{"rendered":"<div data-elementor-type=\"wp-page\" data-elementor-id=\"1795\" class=\"elementor elementor-1795\">\n\t\t\t\t\t\t<section class=\"elementor-section elementor-top-section elementor-element elementor-element-d0188a8 elementor-section-boxed elementor-section-height-default elementor-section-height-default\" data-id=\"d0188a8\" data-element_type=\"section\" data-settings=\"{&quot;background_background&quot;:&quot;classic&quot;}\">\n\t\t\t\t\t\t<div class=\"elementor-container elementor-column-gap-default\">\n\t\t\t\t\t<div class=\"elementor-column elementor-col-100 elementor-top-column elementor-element elementor-element-4629001\" data-id=\"4629001\" data-element_type=\"column\">\n\t\t\t<div class=\"elementor-widget-wrap elementor-element-populated\">\n\t\t\t\t\t\t<div class=\"elementor-element elementor-element-ac1d607 elementor-widget elementor-widget-gva-heading-block\" data-id=\"ac1d607\" data-element_type=\"widget\" data-widget_type=\"gva-heading-block.default\">\n\t\t\t\t<div class=\"elementor-widget-container\">\n\t\t\t\t\t<div class=\"gva-element-gva-heading-block gva-element\">   <div class=\"align-center style-1 widget gsc-heading box-align-left auto-responsive\">\r\n      <div class=\"content-inner\">\r\n         \r\n                  \r\n         <div class=\"sub-title\"><span class=\"tagline\">Die Thei\u00df ist Wasser trinken...<\/span><\/div>  \r\n         \r\n                     <h2 class=\"title\">\r\n               <span>L\u00e1tnival\u00f3k a  TiszapartOn<\/span>\r\n            <\/h2>\r\n                  \r\n                     <div class=\"title-desc\">Fedezze fel az Alf\u00f6ld sz\u00edv\u00e9ben tal\u00e1lhat\u00f3 l\u00e1tnival\u00f3kat. Sz\u00e1mtalan bar\u00e1ti \u00e9s csal\u00e1dos program v\u00e1r a TiszapartOn. Egym\u00e1s\u00e9rt, \u00f6nmagunk\u00e9rt.<\/div>\r\n         \r\n         \r\n      <\/div>\r\n   <\/div>\r\n<\/div>\t\t\t\t<\/div>\n\t\t\t\t<\/div>\n\t\t\t\t\t<\/div>\n\t\t<\/div>\n\t\t\t\t\t<\/div>\n\t\t<\/section>\n\t\t\t\t<section class=\"elementor-section elementor-top-section elementor-element elementor-element-35581dba elementor-section-boxed elementor-section-height-default elementor-section-height-default\" data-id=\"35581dba\" data-element_type=\"section\" data-settings=\"{&quot;background_background&quot;:&quot;classic&quot;}\">\n\t\t\t\t\t\t<div class=\"elementor-container elementor-column-gap-default\">\n\t\t\t\t\t<div class=\"elementor-column elementor-col-100 elementor-top-column elementor-element elementor-element-3e618749\" data-id=\"3e618749\" data-element_type=\"column\">\n\t\t\t<div class=\"elementor-widget-wrap elementor-element-populated\">\n\t\t\t\t\t\t<div class=\"elementor-element elementor-element-27467454 elementor-widget elementor-widget-gva-heading-block\" data-id=\"27467454\" data-element_type=\"widget\" data-widget_type=\"gva-heading-block.default\">\n\t\t\t\t<div class=\"elementor-widget-container\">\n\t\t\t\t\t<div class=\"gva-element-gva-heading-block gva-element\">   <div class=\"align-center style-1 widget gsc-heading box-align-left auto-responsive\">\r\n      <div class=\"content-inner\">\r\n         \r\n                  \r\n         <div class=\"sub-title\"><span class=\"tagline\">Geh zu Fu\u00df, mit dem Fahrrad, dem Auto oder dem Boot \u2026<\/span><\/div>  \r\n         \r\n                     <h2 class=\"title\">\r\n               <span>Sehensw\u00fcrdigkeiten in der N\u00e4he<\/span>\r\n            <\/h2>\r\n                  \r\n         \r\n         \r\n      <\/div>\r\n   <\/div>\r\n<\/div>\t\t\t\t<\/div>\n\t\t\t\t<\/div>\n\t\t\t\t<div class=\"elementor-element elementor-element-4024b64 elementor-widget elementor-widget-gva-services\" data-id=\"4024b64\" data-element_type=\"widget\" data-widget_type=\"gva-services.default\">\n\t\t\t\t<div class=\"elementor-widget-container\">\n\t\t\t\t\t<div class=\"gva-element-gva-services gva-element\">\r\n<div class=\"swiper-slider-wrapper gsc-services layout-carousel style-1\">\r\n   <div class=\"swiper-content-inner\">   \r\n      <div class=\"init-carousel-swiper swiper\" data-carousel=\"{&quot;items&quot;:4,&quot;items_lg&quot;:4,&quot;items_md&quot;:3,&quot;items_sm&quot;:2,&quot;items_xs&quot;:2,&quot;items_xx&quot;:1,&quot;effect&quot;:&quot;slide&quot;,&quot;space_between&quot;:30,&quot;loop&quot;:1,&quot;speed&quot;:1200,&quot;autoplay&quot;:1,&quot;autoplay_delay&quot;:5000,&quot;autoplay_hover&quot;:1,&quot;navigation&quot;:1,&quot;pagination&quot;:0,&quot;dynamic_bullets&quot;:0,&quot;pagination_type&quot;:&quot;bullets&quot;}\">\r\n         <div class=\"swiper-wrapper\">\r\n                           <div class=\"swiper-slide\">\r\n                  \r\n<div class=\"service-one__single\"><div class=\"service-one__content\"><div class=\"service-one__image\"><img decoding=\"async\" src=\"https:\/\/tiszaparton.hu\/wp-content\/uploads\/2023\/04\/latnivalotiszapuspoki-500x360.jpg\" alt=\"Szent M\u00e1rton Kirche\"\/><span class=\"service-one__icon\"><i aria-hidden=\"true\" class=\"fas fa-church\"><\/i><\/span><\/div><div class=\"service-one__content-inner\"><h4 class=\"service-one__title\"><span>Szent M\u00e1rton Kirche<\/span><\/h4><div class=\"service-one__desc\">Der Kirchturm des Dorfes Tiszap\u00fcsp\u00f6ki ist schon von Weitem zu sehen. In der Kirche findet jeden Sonntag um 8:30 Uhr eine Messe statt. <\/div><\/div>\t\t  <a href=\"https:\/\/miserend.hu\/templom\/2915\" class=\"service-one__link-overlay\" target=\"_blank\"><\/a>\r\n\t\t  <\/div><\/div>\t\r\n\r\n\r\n\r\n               <\/div>\r\n                           <div class=\"swiper-slide\">\r\n                  \r\n<div class=\"service-one__single\"><div class=\"service-one__content\"><div class=\"service-one__image\"><img decoding=\"async\" src=\"https:\/\/tiszaparton.hu\/wp-content\/uploads\/2023\/04\/tiszapuspokiszabadstrand-scaled-e1682510089278-500x360.jpg\" alt=\"Freistrand Tiszap\u00fcsp\u00f6ki\"\/><span class=\"service-one__icon\"><i aria-hidden=\"true\" class=\"las la-umbrella-beach\"><\/i><\/span><\/div><div class=\"service-one__content-inner\"><h4 class=\"service-one__title\"><span>Freistrand Tiszap\u00fcsp\u00f6ki<\/span><\/h4><div class=\"service-one__desc\">Der gr\u00f6\u00dfte Sandfreistrand der Region erwartet euch mit einem Kiosk, Duschen und einem Bereich f\u00fcr Hunde. <\/div><\/div>\t\t  <a href=\"https:\/\/g.co\/kgs\/ofhCUfb\" class=\"service-one__link-overlay\" target=\"_blank\"><\/a>\r\n\t\t  <\/div><\/div>\t\r\n\r\n\r\n\r\n               <\/div>\r\n                           <div class=\"swiper-slide\">\r\n                  \r\n<div class=\"service-one__single\"><div class=\"service-one__content\"><div class=\"service-one__image\"><img decoding=\"async\" src=\"https:\/\/tiszaparton.hu\/wp-content\/uploads\/2023\/04\/tiszapuspokiszabadstrand-scaled-e1682510089278-500x360.jpg\" alt=\"Dobai Freistrand\"\/><span class=\"service-one__icon\"><i aria-hidden=\"true\" class=\"fas fa-umbrella-beach\"><\/i><\/span><\/div><div class=\"service-one__content-inner\"><h4 class=\"service-one__title\"><span>Dobai Freistrand<\/span><\/h4><div class=\"service-one__desc\">Der mit dem Boot erreichbare Freistrand ist ein wahres Paradies f\u00fcr Sonnenanbeter. M\u00f6chtest du entspannen? Ruf uns an!<\/div><\/div>\t\t  <a href=\"https:\/\/tiszaparton.hu\/de\/kapcsolat\/\" class=\"service-one__link-overlay\" target=\"_blank\"><\/a>\r\n\t\t  <\/div><\/div>\t\r\n\r\n\r\n\r\n               <\/div>\r\n                           <div class=\"swiper-slide\">\r\n                  \r\n<div class=\"service-one__single\"><div class=\"service-one__content\"><div class=\"service-one__image\"><img decoding=\"async\" src=\"https:\/\/tiszaparton.hu\/wp-content\/uploads\/2023\/04\/latnivalotorokszentmiklosistrand-500x360.jpg\" alt=\"Heilwasser-Strandbad T\u00f6r\u00f6kszentmikl\u00f3s\"\/><span class=\"service-one__icon\"><i aria-hidden=\"true\" class=\"fas fa-swimming-pool\"><\/i><\/span><\/div><div class=\"service-one__content-inner\"><h4 class=\"service-one__title\"><span>Heilwasser-Strandbad T\u00f6r\u00f6kszentmikl\u00f3s<\/span><\/h4><div class=\"service-one__desc\">Das Bad ist 15 Minuten von der Unterkunft entfernt und bietet Heilwasser, ein Schwimmbecken und ein Kinderbecken. <\/div><\/div>\t\t  <a href=\"https:\/\/www.strandkemping.hu\/\" class=\"service-one__link-overlay\" target=\"_blank\"><\/a>\r\n\t\t  <\/div><\/div>\t\r\n\r\n\r\n\r\n               <\/div>\r\n                     <\/div> \r\n      <\/div>\r\n   <\/div>   \r\n   <div class=\"swiper-pagination\"><\/div>   <div class=\"swiper-nav-next\"><\/div><div class=\"swiper-nav-prev\"><\/div><\/div>\r\n<\/div>\t\t\t\t<\/div>\n\t\t\t\t<\/div>\n\t\t\t\t<section class=\"elementor-section elementor-inner-section elementor-element elementor-element-e8883de elementor-section-boxed elementor-section-height-default elementor-section-height-default\" data-id=\"e8883de\" data-element_type=\"section\">\n\t\t\t\t\t\t<div class=\"elementor-container elementor-column-gap-default\">\n\t\t\t\t\t<div class=\"elementor-column elementor-col-100 elementor-inner-column elementor-element elementor-element-ef91f96\" data-id=\"ef91f96\" data-element_type=\"column\" data-settings=\"{&quot;background_background&quot;:&quot;classic&quot;}\">\n\t\t\t<div class=\"elementor-widget-wrap elementor-element-populated\">\n\t\t\t\t\t\t<div class=\"elementor-element elementor-element-7e8d30f elementor-widget__width-auto elementor-widget elementor-widget-html\" data-id=\"7e8d30f\" data-element_type=\"widget\" data-widget_type=\"html.default\">\n\t\t\t\t<div class=\"elementor-widget-container\">\n\t\t\t\t\t<a class=\"btn-theme\" href=\"https:\/\/tiszaparton.hu\/de\/foglalas\/tisza-parti-vendeghaz-casa-novak\/\">\n   Schauen wir uns die Unterk\u00fcnfte an!\n<\/a>\t\t\t\t<\/div>\n\t\t\t\t<\/div>\n\t\t\t\t\t<\/div>\n\t\t<\/div>\n\t\t\t\t\t<\/div>\n\t\t<\/section>\n\t\t\t\t\t<\/div>\n\t\t<\/div>\n\t\t\t\t\t<\/div>\n\t\t<\/section>\n\t\t\t\t<section class=\"elementor-section elementor-top-section elementor-element elementor-element-459f elementor-section-boxed elementor-section-height-default elementor-section-height-default\" data-id=\"459f\" data-element_type=\"section\" data-settings=\"{&quot;background_background&quot;:&quot;classic&quot;}\">\n\t\t\t\t\t\t<div class=\"elementor-container elementor-column-gap-default\">\n\t\t\t\t\t<div class=\"elementor-column elementor-col-100 elementor-top-column elementor-element elementor-element-14ffe233\" data-id=\"14ffe233\" data-element_type=\"column\">\n\t\t\t<div class=\"elementor-widget-wrap elementor-element-populated\">\n\t\t\t\t\t\t<div class=\"elementor-element elementor-element-3c5de149 elementor-widget elementor-widget-gva-heading-block\" data-id=\"3c5de149\" data-element_type=\"widget\" data-widget_type=\"gva-heading-block.default\">\n\t\t\t\t<div class=\"elementor-widget-container\">\n\t\t\t\t\t<div class=\"gva-element-gva-heading-block gva-element\">   <div class=\"align-center style-1 widget gsc-heading box-align-left auto-responsive\">\r\n      <div class=\"content-inner\">\r\n         \r\n                  \r\n         <div class=\"sub-title\"><span class=\"tagline\">F\u00fcnfzehn Minuten mit dem Auto<\/span><\/div>  \r\n         \r\n                     <h2 class=\"title\">\r\n               <span>Sehensw\u00fcrdigkeiten in Szolnok<\/span>\r\n            <\/h2>\r\n                  \r\n         \r\n         \r\n      <\/div>\r\n   <\/div>\r\n<\/div>\t\t\t\t<\/div>\n\t\t\t\t<\/div>\n\t\t\t\t<div class=\"elementor-element elementor-element-96e5b67 elementor-widget elementor-widget-gva-services\" data-id=\"96e5b67\" data-element_type=\"widget\" data-widget_type=\"gva-services.default\">\n\t\t\t\t<div class=\"elementor-widget-container\">\n\t\t\t\t\t<div class=\"gva-element-gva-services gva-element\">\r\n<div class=\"swiper-slider-wrapper gsc-services layout-carousel style-1\">\r\n   <div class=\"swiper-content-inner\">   \r\n      <div class=\"init-carousel-swiper swiper\" data-carousel=\"{&quot;items&quot;:4,&quot;items_lg&quot;:4,&quot;items_md&quot;:3,&quot;items_sm&quot;:2,&quot;items_xs&quot;:2,&quot;items_xx&quot;:1,&quot;effect&quot;:&quot;slide&quot;,&quot;space_between&quot;:30,&quot;loop&quot;:1,&quot;speed&quot;:1200,&quot;autoplay&quot;:1,&quot;autoplay_delay&quot;:5000,&quot;autoplay_hover&quot;:1,&quot;navigation&quot;:1,&quot;pagination&quot;:0,&quot;dynamic_bullets&quot;:0,&quot;pagination_type&quot;:&quot;bullets&quot;}\">\r\n         <div class=\"swiper-wrapper\">\r\n                           <div class=\"swiper-slide\">\r\n                  \r\n<div class=\"service-one__single\"><div class=\"service-one__content\"><div class=\"service-one__image\"><img decoding=\"async\" src=\"https:\/\/tiszaparton.hu\/wp-content\/uploads\/2023\/04\/latnivaloszolnokbagolyvarvadaspark-500x360.jpg\" alt=\"Bagolyv\u00e1r Wildpark\"\/><span class=\"service-one__icon\"><i aria-hidden=\"true\" class=\"gwflaticon-rabbit\"><\/i><\/span><\/div><div class=\"service-one__content-inner\"><h4 class=\"service-one__title\"><span>Bagolyv\u00e1r Wildpark<\/span><\/h4><div class=\"service-one__desc\">F\u00fcr Klein und Gro\u00df: Tierf\u00fctterung, Streicheltiere, entdeckungsreiche Waldspazierg\u00e4nge\u2026<\/div><\/div>\t\t  <a href=\"https:\/\/www.nefag.hu\/okoturisztika\/bagolyvar-vadaspark\/\" class=\"service-one__link-overlay\" target=\"_blank\"><\/a>\r\n\t\t  <\/div><\/div>\t\r\n\r\n\r\n\r\n               <\/div>\r\n                           <div class=\"swiper-slide\">\r\n                  \r\n<div class=\"service-one__single\"><div class=\"service-one__content\"><div class=\"service-one__image\"><img decoding=\"async\" src=\"https:\/\/tiszaparton.hu\/wp-content\/uploads\/2023\/04\/latnivaloszolnokdamjanichjanosmuzeum-500x360.jpg\" alt=\"J\u00e1nos-Damjanich-Museum\"\/><span class=\"service-one__icon\"><i aria-hidden=\"true\" class=\"la la-building-o\"><\/i><\/span><\/div><div class=\"service-one__content-inner\"><h4 class=\"service-one__title\"><span>J\u00e1nos-Damjanich-Museum<\/span><\/h4><div class=\"service-one__desc\">Das Museum im Herzen der Puszta bewahrt die historischen Sch\u00e4tze des Komitats.<\/div><\/div>\t\t  <a href=\"https:\/\/www.djm.hu\/\" class=\"service-one__link-overlay\" target=\"_blank\"><\/a>\r\n\t\t  <\/div><\/div>\t\r\n\r\n\r\n\r\n               <\/div>\r\n                           <div class=\"swiper-slide\">\r\n                  \r\n<div class=\"service-one__single\"><div class=\"service-one__content\"><div class=\"service-one__image\"><img decoding=\"async\" src=\"https:\/\/tiszaparton.hu\/wp-content\/uploads\/2023\/04\/latnivaloszolnoktiszaviraghid-500x360.jpg\" alt=\"Tiszavir\u00e1g-Br\u00fccke\"\/><span class=\"service-one__icon\"><i aria-hidden=\"true\" class=\"las la-grip-lines\"><\/i><\/span><\/div><div class=\"service-one__content-inner\"><h4 class=\"service-one__title\"><span>Tiszavir\u00e1g-Br\u00fccke<\/span><\/h4><div class=\"service-one__desc\">Die Tiszavir\u00e1g-Br\u00fccke in Szolnok ist die gr\u00f6\u00dfte Fu\u00dfg\u00e4ngerbr\u00fccke Mitteleuropas. <\/div><\/div>\t\t  <a href=\"https:\/\/maps.app.goo.gl\/xuV7gNsyRMwPd2Gq5\" class=\"service-one__link-overlay\" target=\"_blank\"><\/a>\r\n\t\t  <\/div><\/div>\t\r\n\r\n\r\n\r\n               <\/div>\r\n                           <div class=\"swiper-slide\">\r\n                  \r\n<div class=\"service-one__single\"><div class=\"service-one__content\"><div class=\"service-one__image\"><img decoding=\"async\" src=\"https:\/\/tiszaparton.hu\/wp-content\/uploads\/2023\/04\/latnivaloszolnokszinhaz-500x360.jpg\" alt=\"Theater Szigliget\"\/><span class=\"service-one__icon\"><i aria-hidden=\"true\" class=\"fas fa-paint-brush\"><\/i><\/span><\/div><div class=\"service-one__content-inner\"><h4 class=\"service-one__title\"><span>Theater Szigliget<\/span><\/h4><div class=\"service-one__desc\">Das Theater verf\u00fcgt seit 1954 \u00fcber ein eigenes Ensemble: heute unter anderem mit Enik\u0151 Eszenyi, M\u00e1ty\u00e1s D\u00f3sa\u2026<\/div><\/div>\t\t  <a href=\"https:\/\/szigligeti.com\/\" class=\"service-one__link-overlay\" target=\"_blank\"><\/a>\r\n\t\t  <\/div><\/div>\t\r\n\r\n\r\n\r\n               <\/div>\r\n                           <div class=\"swiper-slide\">\r\n                  \r\n<div class=\"service-one__single\"><div class=\"service-one__content\"><div class=\"service-one__image\"><img decoding=\"async\" src=\"https:\/\/tiszaparton.hu\/wp-content\/uploads\/2023\/04\/latnivaloszolnokszolnokigaleria-500x360.jpg\" alt=\"Galerie Szolnok\"\/><span class=\"service-one__icon\"><i aria-hidden=\"true\" class=\"fas fa-monument\"><\/i><\/span><\/div><div class=\"service-one__content-inner\"><h4 class=\"service-one__title\"><span>Galerie Szolnok<\/span><\/h4><div class=\"service-one__desc\">Das Geb\u00e4ude, das fr\u00fcher als Synagoge genutzt wurde, ist heute Schauplatz spannender Ausstellungen. <\/div><\/div>\t\t  <a href=\"https:\/\/www.djm.hu\/galeria\/elerhetosegek\" class=\"service-one__link-overlay\" target=\"_blank\"><\/a>\r\n\t\t  <\/div><\/div>\t\r\n\r\n\r\n\r\n               <\/div>\r\n                           <div class=\"swiper-slide\">\r\n                  \r\n<div class=\"service-one__single\"><div class=\"service-one__content\"><div class=\"service-one__image\"><img decoding=\"async\" src=\"https:\/\/tiszaparton.hu\/wp-content\/uploads\/2023\/04\/latnivaloszolnokszolnokimuvesztelep-500x360.jpg\" alt=\"K\u00fcnstlerkolonie Szolnok\"\/><span class=\"service-one__icon\"><i aria-hidden=\"true\" class=\"fas fa-paint-brush\"><\/i><\/span><\/div><div class=\"service-one__content-inner\"><h4 class=\"service-one__title\"><span>K\u00fcnstlerkolonie Szolnok<\/span><\/h4><div class=\"service-one__desc\">Die K\u00fcnstlerkolonie Szolnok bietet an der M\u00fcndung von Tisza und Zagyva Kunstprogramme: Ausstellung, Musik und Literatur an einem Ort.<\/div><\/div>\t\t  <a href=\"http:\/\/szolnokimuvesztelep.com\/\" class=\"service-one__link-overlay\" target=\"_blank\"><\/a>\r\n\t\t  <\/div><\/div>\t\r\n\r\n\r\n\r\n               <\/div>\r\n                           <div class=\"swiper-slide\">\r\n                  \r\n<div class=\"service-one__single\"><div class=\"service-one__content\"><div class=\"service-one__image\"><img decoding=\"async\" src=\"https:\/\/tiszaparton.hu\/wp-content\/uploads\/2023\/04\/latnivaloszolnoktiszapartmozi-500x360.jpg\" alt=\"TISZApART Kino\"\/><span class=\"service-one__icon\"><i aria-hidden=\"true\" class=\"fas fa-film\"><\/i><\/span><\/div><div class=\"service-one__content-inner\"><h4 class=\"service-one__title\"><span>TISZApART Kino<\/span><\/h4><div class=\"service-one__desc\">Das beliebte K\u00fcnstlerkino ist mehr als nur Filmvorf\u00fchrungen: Es ist der Lieblings-Treffpunkt f\u00fcr K\u00fcnstler und Kunstinteressierte in Szolnok.<\/div><\/div>\t\t  <a href=\"https:\/\/www.tiszamozi.hu\/\" class=\"service-one__link-overlay\" target=\"_blank\"><\/a>\r\n\t\t  <\/div><\/div>\t\r\n\r\n\r\n\r\n               <\/div>\r\n                           <div class=\"swiper-slide\">\r\n                  \r\n<div class=\"service-one__single\"><div class=\"service-one__content\"><div class=\"service-one__image\"><img decoding=\"async\" src=\"https:\/\/tiszaparton.hu\/wp-content\/uploads\/2023\/04\/latnivaloszolnokreptar-500x360.jpg\" alt=\"Flugzeugmuseum \"\/><span class=\"service-one__icon\"><i aria-hidden=\"true\" class=\"flaticon-airplane\"><\/i><\/span><\/div><div class=\"service-one__content-inner\"><h4 class=\"service-one__title\"><span>Flugzeugmuseum <\/span><\/h4><div class=\"service-one__desc\">Eine wirklich einzigartige Ausstellung zur Luftfahrtgeschichte in ganz Osteuropa: Hindernisparcours, 4D-Kino, Simulatoren\u2026<\/div><\/div>\t\t  <a href=\"https:\/\/www.reptar.hu\/\" class=\"service-one__link-overlay\" target=\"_blank\"><\/a>\r\n\t\t  <\/div><\/div>\t\r\n\r\n\r\n\r\n               <\/div>\r\n                           <div class=\"swiper-slide\">\r\n                  \r\n<div class=\"service-one__single\"><div class=\"service-one__content\"><div class=\"service-one__image\"><img decoding=\"async\" src=\"https:\/\/tiszaparton.hu\/wp-content\/uploads\/2023\/04\/latnivaloszolnokrozsakert-500x360.jpg\" alt=\"Rosengarten\"\/><span class=\"service-one__icon\"><i aria-hidden=\"true\" class=\"fas fa-film\"><\/i><\/span><\/div><div class=\"service-one__content-inner\"><h4 class=\"service-one__title\"><span>Rosengarten<\/span><\/h4><div class=\"service-one__desc\">Der Verseghy-Park in Szolnok bietet Besuchern der Stadt an der Tisza eine ganz besondere Sehensw\u00fcrdigkeit: das Reich der Rosen.<\/div><\/div>\t\t  <a href=\"https:\/\/www.magyarkincsek.hu\/kulonleges-latnivalok\/magyar-rozsak-kertje-szolnokon\/\" class=\"service-one__link-overlay\" target=\"_blank\"><\/a>\r\n\t\t  <\/div><\/div>\t\r\n\r\n\r\n\r\n               <\/div>\r\n                     <\/div> \r\n      <\/div>\r\n   <\/div>   \r\n   <div class=\"swiper-pagination\"><\/div>   <div class=\"swiper-nav-next\"><\/div><div class=\"swiper-nav-prev\"><\/div><\/div>\r\n<\/div>\t\t\t\t<\/div>\n\t\t\t\t<\/div>\n\t\t\t\t<section class=\"elementor-section elementor-inner-section elementor-element elementor-element-28becb4e elementor-section-boxed elementor-section-height-default elementor-section-height-default\" data-id=\"28becb4e\" data-element_type=\"section\">\n\t\t\t\t\t\t<div class=\"elementor-container elementor-column-gap-default\">\n\t\t\t\t\t<div class=\"elementor-column elementor-col-100 elementor-inner-column elementor-element elementor-element-4746fa63\" data-id=\"4746fa63\" data-element_type=\"column\" data-settings=\"{&quot;background_background&quot;:&quot;classic&quot;}\">\n\t\t\t<div class=\"elementor-widget-wrap elementor-element-populated\">\n\t\t\t\t\t\t<div class=\"elementor-element elementor-element-30b0ce33 elementor-widget__width-auto elementor-widget elementor-widget-html\" data-id=\"30b0ce33\" data-element_type=\"widget\" data-widget_type=\"html.default\">\n\t\t\t\t<div class=\"elementor-widget-container\">\n\t\t\t\t\t<a class=\"btn-theme\" href=\"https:\/\/tiszaparton.hu\/de\/foglalas\/tisza-parti-vendeghaz-casa-novak\/\">\n   Super, schauen wir uns die verf\u00fcgbaren Termine an!\n<\/a>\t\t\t\t<\/div>\n\t\t\t\t<\/div>\n\t\t\t\t\t<\/div>\n\t\t<\/div>\n\t\t\t\t\t<\/div>\n\t\t<\/section>\n\t\t\t\t\t<\/div>\n\t\t<\/div>\n\t\t\t\t\t<\/div>\n\t\t<\/section>\n\t\t\t\t<section class=\"elementor-section elementor-top-section elementor-element elementor-element-552192c elementor-section-boxed elementor-section-height-default elementor-section-height-default\" data-id=\"552192c\" data-element_type=\"section\" data-settings=\"{&quot;background_background&quot;:&quot;classic&quot;}\">\n\t\t\t\t\t\t<div class=\"elementor-container elementor-column-gap-default\">\n\t\t\t\t\t<div class=\"elementor-column elementor-col-100 elementor-top-column elementor-element elementor-element-20d9dbf\" data-id=\"20d9dbf\" data-element_type=\"column\">\n\t\t\t<div class=\"elementor-widget-wrap elementor-element-populated\">\n\t\t\t\t\t\t<div class=\"elementor-element elementor-element-786e241 elementor-widget elementor-widget-gva-heading-block\" data-id=\"786e241\" data-element_type=\"widget\" data-widget_type=\"gva-heading-block.default\">\n\t\t\t\t<div class=\"elementor-widget-container\">\n\t\t\t\t\t<div class=\"gva-element-gva-heading-block gva-element\">   <div class=\"align-center style-1 widget gsc-heading box-align-left auto-responsive\">\r\n      <div class=\"content-inner\">\r\n         \r\n                  \r\n         <div class=\"sub-title\"><span class=\"tagline\">Wir erwarten euch im Herzen der Puszta<\/span><\/div>  \r\n         \r\n                     <h2 class=\"title\">\r\n               <span>Sehensw\u00fcrdigkeiten in der Puszta<\/span>\r\n            <\/h2>\r\n                  \r\n                     <div class=\"title-desc\">Hier soll sich das Augenlid \u00fcber mich senken, hier\nsoll sich auch das Grab \u00fcber mir w\u00f6lben. \u2013 S\u00e1ndor Pet\u0151fi, Die Puszta<\/div>\r\n         \r\n         \r\n      <\/div>\r\n   <\/div>\r\n<\/div>\t\t\t\t<\/div>\n\t\t\t\t<\/div>\n\t\t\t\t<div class=\"elementor-element elementor-element-2329c8f elementor-widget elementor-widget-gva-services\" data-id=\"2329c8f\" data-element_type=\"widget\" data-widget_type=\"gva-services.default\">\n\t\t\t\t<div class=\"elementor-widget-container\">\n\t\t\t\t\t<div class=\"gva-element-gva-services gva-element\">\r\n<div class=\"swiper-slider-wrapper gsc-services layout-carousel style-1\">\r\n   <div class=\"swiper-content-inner\">   \r\n      <div class=\"init-carousel-swiper swiper\" data-carousel=\"{&quot;items&quot;:4,&quot;items_lg&quot;:4,&quot;items_md&quot;:3,&quot;items_sm&quot;:2,&quot;items_xs&quot;:2,&quot;items_xx&quot;:1,&quot;effect&quot;:&quot;slide&quot;,&quot;space_between&quot;:30,&quot;loop&quot;:1,&quot;speed&quot;:1200,&quot;autoplay&quot;:1,&quot;autoplay_delay&quot;:5000,&quot;autoplay_hover&quot;:1,&quot;navigation&quot;:1,&quot;pagination&quot;:0,&quot;dynamic_bullets&quot;:0,&quot;pagination_type&quot;:&quot;bullets&quot;}\">\r\n         <div class=\"swiper-wrapper\">\r\n                           <div class=\"swiper-slide\">\r\n                  \r\n<div class=\"service-one__single\"><div class=\"service-one__content\"><div class=\"service-one__image\"><img decoding=\"async\" src=\"https:\/\/tiszaparton.hu\/wp-content\/uploads\/2023\/04\/latnivalohortobagyinemzetipark-500x360.jpeg\" alt=\"Hortob\u00e1gyi Nemzeti Park\"\/><span class=\"service-one__icon\"><i aria-hidden=\"true\" class=\"gwflaticon-rabbit\"><\/i><\/span><\/div><div class=\"service-one__content-inner\"><h4 class=\"service-one__title\"><span>Hortob\u00e1gyi Nemzeti Park<\/span><\/h4><div class=\"service-one__desc\">Es ist Teil des Weltkulturerbes. Das Ziel des Parks ist der Schutz des kulturellen und nat\u00fcrlichen Erbes der Menschheit sowie dessen Registrierung. Wir sind stolz darauf, ein Teil dieses Wunders zu sein.<\/div><\/div>\t\t  <a href=\"https:\/\/www.hnp.hu\/hu\" class=\"service-one__link-overlay\" target=\"_blank\"><\/a>\r\n\t\t  <\/div><\/div>\t\r\n\r\n\r\n\r\n               <\/div>\r\n                           <div class=\"swiper-slide\">\r\n                  \r\n<div class=\"service-one__single\"><div class=\"service-one__content\"><div class=\"service-one__image\"><img decoding=\"async\" src=\"https:\/\/tiszaparton.hu\/wp-content\/uploads\/2023\/04\/latnivalotiszato-500x360.jpeg\" alt=\"Plattensee Tisza\"\/><span class=\"service-one__icon\"><i aria-hidden=\"true\" class=\"las la-umbrella-beach\"><\/i><\/span><\/div><div class=\"service-one__content-inner\"><h4 class=\"service-one__title\"><span>Plattensee Tisza<\/span><\/h4><div class=\"service-one__desc\">Der zweitgr\u00f6\u00dfte See Ungarns ist eine Autostunde vom TiszapartOn entfernt. <\/div><\/div><\/div><\/div>\t\r\n\r\n\r\n\r\n               <\/div>\r\n                           <div class=\"swiper-slide\">\r\n                  \r\n<div class=\"service-one__single\"><div class=\"service-one__content\"><div class=\"service-one__image\"><img decoding=\"async\" src=\"https:\/\/tiszaparton.hu\/wp-content\/uploads\/2023\/04\/latnivalokalfoldon-500x360.jpg\" alt=\"Lombkorona-Pfad Karcag\"\/><span class=\"service-one__icon\"><i aria-hidden=\"true\" class=\"fas fa-tree\"><\/i><\/span><\/div><div class=\"service-one__content-inner\"><h4 class=\"service-one__title\"><span>Lombkorona-Pfad Karcag<\/span><\/h4><div class=\"service-one__desc\">Der Pfad ist das ganze Jahr \u00fcber kostenlos zug\u00e4nglich. Auf dem 6 Meter hohen, 234 Meter langen Steg k\u00f6nnen Besucher die Pflanzen- und Tierwelt der Puszta kennenlernen. <\/div><\/div>\t\t  <a href=\"https:\/\/www.nefag.hu\/okoturisztika\/karcagi-parkerdo-es-lombkorona-setany\/\" class=\"service-one__link-overlay\" target=\"_blank\"><\/a>\r\n\t\t  <\/div><\/div>\t\r\n\r\n\r\n\r\n               <\/div>\r\n                           <div class=\"swiper-slide\">\r\n                  \r\n<div class=\"service-one__single\"><div class=\"service-one__content\"><div class=\"service-one__image\"><img decoding=\"async\" src=\"https:\/\/tiszaparton.hu\/wp-content\/uploads\/2023\/04\/latnivalopusztatorony-500x360.jpg\" alt=\"Csonkatorony Fegyvernek\"\/><span class=\"service-one__icon\"><i aria-hidden=\"true\" class=\"las la-monument\"><\/i><\/span><\/div><div class=\"service-one__content-inner\"><h4 class=\"service-one__title\"><span>Csonkatorony Fegyvernek<\/span><\/h4><div class=\"service-one__desc\">Der aus Ziegeln und Stein errichtete Turm ragt 16 Meter \u00fcber die heutige Umgebung hinaus. Es ist das \u00e4lteste Denkmal des Komitats.<\/div><\/div>\t\t  <a href=\"https:\/\/akovekmeselnek.hu\/2016\/01\/05\/a-fegyverneki-csonkatorony\/\" class=\"service-one__link-overlay\" target=\"_blank\"><\/a>\r\n\t\t  <\/div><\/div>\t\r\n\r\n\r\n\r\n               <\/div>\r\n                     <\/div> \r\n      <\/div>\r\n   <\/div>   \r\n   <div class=\"swiper-pagination\"><\/div>   <div class=\"swiper-nav-next\"><\/div><div class=\"swiper-nav-prev\"><\/div><\/div>\r\n<\/div>\t\t\t\t<\/div>\n\t\t\t\t<\/div>\n\t\t\t\t<section class=\"elementor-section elementor-inner-section elementor-element elementor-element-d45da51 elementor-section-boxed elementor-section-height-default elementor-section-height-default\" data-id=\"d45da51\" data-element_type=\"section\">\n\t\t\t\t\t\t<div class=\"elementor-container elementor-column-gap-default\">\n\t\t\t\t\t<div class=\"elementor-column elementor-col-100 elementor-inner-column elementor-element elementor-element-d510444\" data-id=\"d510444\" data-element_type=\"column\" data-settings=\"{&quot;background_background&quot;:&quot;classic&quot;}\">\n\t\t\t<div class=\"elementor-widget-wrap elementor-element-populated\">\n\t\t\t\t\t\t<div class=\"elementor-element elementor-element-b55f6d6 elementor-widget__width-auto elementor-widget elementor-widget-html\" data-id=\"b55f6d6\" data-element_type=\"widget\" data-widget_type=\"html.default\">\n\t\t\t\t<div class=\"elementor-widget-container\">\n\t\t\t\t\t<a class=\"btn-theme\" href=\"https:\/\/tiszaparton.hu\/de\/foglalas\/tisza-parti-vendeghaz-casa-novak\/\">\n   H\u0171, de sz\u00e9p, szeretn\u00e9nk j\u00f6nni!\n<\/a>\t\t\t\t<\/div>\n\t\t\t\t<\/div>\n\t\t\t\t\t<\/div>\n\t\t<\/div>\n\t\t\t\t\t<\/div>\n\t\t<\/section>\n\t\t\t\t\t<\/div>\n\t\t<\/div>\n\t\t\t\t\t<\/div>\n\t\t<\/section>\n\t\t\t\t<\/div>","protected":false},"excerpt":{"rendered":"<p>Ki a Tisza v\u00edz\u00e9t issza&#8230; L\u00e1tnival\u00f3k a TiszapartOn Fedezze fel az Alf\u00f6ld sz\u00edv\u00e9ben tal\u00e1lhat\u00f3 l\u00e1tnival\u00f3kat. Sz\u00e1mtalan bar\u00e1ti \u00e9s csal\u00e1dos program v\u00e1r a TiszapartOn. Egym\u00e1s\u00e9rt, \u00f6nmagunk\u00e9rt. Menj gyalog, biciklivel, aut\u00f3val vagy [&hellip;]<\/p>","protected":false},"author":1,"featured_media":0,"parent":0,"menu_order":0,"comment_status":"closed","ping_status":"closed","template":"","meta":{"_price":"","_stock":"","_tribe_ticket_header":"","_tribe_default_ticket_provider":"","_tribe_ticket_capacity":"0","_ticket_start_date":"","_ticket_end_date":"","_tribe_ticket_show_description":"","_tribe_ticket_show_not_going":false,"_tribe_ticket_use_global_stock":"","_tribe_ticket_global_stock_level":"","_global_stock_mode":"","_global_stock_cap":"","_tribe_rsvp_for_event":"","_tribe_ticket_going_count":"","_tribe_ticket_not_going_count":"","_tribe_tickets_list":"[]","_tribe_ticket_has_attendee_info_fields":false,"footnotes":"","_tec_slr_enabled":"","_tec_slr_layout":""},"class_list":["post-1795","page","type-page","status-publish","hentry"],"yoast_head":"<!-- This site is optimized with the Yoast SEO plugin v24.9 - https:\/\/yoast.com\/wordpress\/plugins\/seo\/ -->\n<title>L\u00e1tnival\u00f3k a Tisza ment\u00e9n - V\u00e1runk a TiszapartOn<\/title>\n<meta name=\"description\" content=\"Izgalmas l\u00e1tnival\u00f3k a Tisza ment\u00e9n: homokos strand, m\u00fazeum, r\u00f3zsakert. Kiad\u00f3 v\u00edzparti sz\u00e1ll\u00e1s a TiszapartOn: priv\u00e1t st\u00e9g, massz\u00e1zs...\" \/>\n<meta name=\"robots\" content=\"index, follow, max-snippet:-1, max-image-preview:large, max-video-preview:-1\" \/>\n<link rel=\"canonical\" href=\"https:\/\/tiszaparton.hu\/de\/latnivalok-a-tisza-menten\/\" \/>\n<meta property=\"og:locale\" content=\"de_DE\" \/>\n<meta property=\"og:type\" content=\"article\" \/>\n<meta property=\"og:title\" content=\"L\u00e1tnival\u00f3k a Tisza ment\u00e9n - V\u00e1runk a TiszapartOn\" \/>\n<meta property=\"og:description\" content=\"Izgalmas l\u00e1tnival\u00f3k a Tisza ment\u00e9n: homokos strand, m\u00fazeum, r\u00f3zsakert. Kiad\u00f3 v\u00edzparti sz\u00e1ll\u00e1s a TiszapartOn: priv\u00e1t st\u00e9g, massz\u00e1zs...\" \/>\n<meta property=\"og:url\" content=\"https:\/\/tiszaparton.hu\/de\/latnivalok-a-tisza-menten\/\" \/>\n<meta property=\"og:site_name\" content=\"TiszapartOn\" \/>\n<meta property=\"article:publisher\" content=\"https:\/\/www.facebook.com\/tiszaparton\/\" \/>\n<meta property=\"article:modified_time\" content=\"2024-07-31T14:48:46+00:00\" \/>\n<meta property=\"og:image\" content=\"https:\/\/tiszaparton.hu\/wp-content\/uploads\/2023\/04\/latnivalotiszapuspoki-500x360.jpg\" \/>\n<meta name=\"twitter:card\" content=\"summary_large_image\" \/>\n<meta name=\"twitter:label1\" content=\"Est. reading time\" \/>\n\t<meta name=\"twitter:data1\" content=\"11\u00a0Minuten\" \/>\n<script type=\"application\/ld+json\" class=\"yoast-schema-graph\">{\"@context\":\"https:\/\/schema.org\",\"@graph\":[{\"@type\":\"WebPage\",\"@id\":\"https:\/\/tiszaparton.hu\/latnivalok-a-tisza-menten\/\",\"url\":\"https:\/\/tiszaparton.hu\/latnivalok-a-tisza-menten\/\",\"name\":\"L\u00e1tnival\u00f3k a Tisza ment\u00e9n - V\u00e1runk a TiszapartOn\",\"isPartOf\":{\"@id\":\"https:\/\/tiszaparton.hu\/#website\"},\"primaryImageOfPage\":{\"@id\":\"https:\/\/tiszaparton.hu\/latnivalok-a-tisza-menten\/#primaryimage\"},\"image\":{\"@id\":\"https:\/\/tiszaparton.hu\/latnivalok-a-tisza-menten\/#primaryimage\"},\"thumbnailUrl\":\"https:\/\/tiszaparton.hu\/wp-content\/uploads\/2023\/04\/latnivalotiszapuspoki-500x360.jpg\",\"datePublished\":\"2023-04-25T15:28:18+00:00\",\"dateModified\":\"2024-07-31T14:48:46+00:00\",\"description\":\"Izgalmas l\u00e1tnival\u00f3k a Tisza ment\u00e9n: homokos strand, m\u00fazeum, r\u00f3zsakert. Kiad\u00f3 v\u00edzparti sz\u00e1ll\u00e1s a TiszapartOn: priv\u00e1t st\u00e9g, massz\u00e1zs...\",\"breadcrumb\":{\"@id\":\"https:\/\/tiszaparton.hu\/latnivalok-a-tisza-menten\/#breadcrumb\"},\"inLanguage\":\"de\",\"potentialAction\":[{\"@type\":\"ReadAction\",\"target\":[\"https:\/\/tiszaparton.hu\/latnivalok-a-tisza-menten\/\"]}]},{\"@type\":\"ImageObject\",\"inLanguage\":\"de\",\"@id\":\"https:\/\/tiszaparton.hu\/latnivalok-a-tisza-menten\/#primaryimage\",\"url\":\"https:\/\/tiszaparton.hu\/wp-content\/uploads\/2023\/04\/latnivalotiszapuspoki-500x360.jpg\",\"contentUrl\":\"https:\/\/tiszaparton.hu\/wp-content\/uploads\/2023\/04\/latnivalotiszapuspoki-500x360.jpg\"},{\"@type\":\"BreadcrumbList\",\"@id\":\"https:\/\/tiszaparton.hu\/latnivalok-a-tisza-menten\/#breadcrumb\",\"itemListElement\":[{\"@type\":\"ListItem\",\"position\":1,\"name\":\"F\u0151oldal\",\"item\":\"https:\/\/tiszaparton.hu\/\"},{\"@type\":\"ListItem\",\"position\":2,\"name\":\"L\u00e1tnival\u00f3k\"}]},{\"@type\":\"WebSite\",\"@id\":\"https:\/\/tiszaparton.hu\/#website\",\"url\":\"https:\/\/tiszaparton.hu\/\",\"name\":\"TiszapartOn\",\"description\":\"K\u00f6zvetlen V\u00edzparti Sz\u00e1ll\u00e1shely Priv\u00e1t St\u00e9ggel\",\"publisher\":{\"@id\":\"https:\/\/tiszaparton.hu\/#organization\"},\"potentialAction\":[{\"@type\":\"SearchAction\",\"target\":{\"@type\":\"EntryPoint\",\"urlTemplate\":\"https:\/\/tiszaparton.hu\/?s={search_term_string}\"},\"query-input\":{\"@type\":\"PropertyValueSpecification\",\"valueRequired\":true,\"valueName\":\"search_term_string\"}}],\"inLanguage\":\"de\"},{\"@type\":\"Organization\",\"@id\":\"https:\/\/tiszaparton.hu\/#organization\",\"name\":\"TiszapartOn\",\"url\":\"https:\/\/tiszaparton.hu\/\",\"logo\":{\"@type\":\"ImageObject\",\"inLanguage\":\"de\",\"@id\":\"https:\/\/tiszaparton.hu\/#\/schema\/logo\/image\/\",\"url\":\"https:\/\/tiszaparton.hu\/wp-content\/uploads\/2023\/01\/logo.jpg\",\"contentUrl\":\"https:\/\/tiszaparton.hu\/wp-content\/uploads\/2023\/01\/logo.jpg\",\"width\":395,\"height\":95,\"caption\":\"TiszapartOn\"},\"image\":{\"@id\":\"https:\/\/tiszaparton.hu\/#\/schema\/logo\/image\/\"},\"sameAs\":[\"https:\/\/www.facebook.com\/tiszaparton\/\",\"https:\/\/www.instagram.com\/tiszaparton\/\",\"https:\/\/www.tiktok.com\/@tiszaparton\"]}]}<\/script>\n<!-- \/ Yoast SEO plugin. -->","yoast_head_json":{"title":"L\u00e1tnival\u00f3k a Tisza ment\u00e9n - V\u00e1runk a TiszapartOn","description":"Izgalmas l\u00e1tnival\u00f3k a Tisza ment\u00e9n: homokos strand, m\u00fazeum, r\u00f3zsakert. Kiad\u00f3 v\u00edzparti sz\u00e1ll\u00e1s a TiszapartOn: priv\u00e1t st\u00e9g, massz\u00e1zs...","robots":{"index":"index","follow":"follow","max-snippet":"max-snippet:-1","max-image-preview":"max-image-preview:large","max-video-preview":"max-video-preview:-1"},"canonical":"https:\/\/tiszaparton.hu\/de\/latnivalok-a-tisza-menten\/","og_locale":"de_DE","og_type":"article","og_title":"L\u00e1tnival\u00f3k a Tisza ment\u00e9n - V\u00e1runk a TiszapartOn","og_description":"Izgalmas l\u00e1tnival\u00f3k a Tisza ment\u00e9n: homokos strand, m\u00fazeum, r\u00f3zsakert. Kiad\u00f3 v\u00edzparti sz\u00e1ll\u00e1s a TiszapartOn: priv\u00e1t st\u00e9g, massz\u00e1zs...","og_url":"https:\/\/tiszaparton.hu\/de\/latnivalok-a-tisza-menten\/","og_site_name":"TiszapartOn","article_publisher":"https:\/\/www.facebook.com\/tiszaparton\/","article_modified_time":"2024-07-31T14:48:46+00:00","og_image":[{"url":"https:\/\/tiszaparton.hu\/wp-content\/uploads\/2023\/04\/latnivalotiszapuspoki-500x360.jpg","type":"","width":"","height":""}],"twitter_card":"summary_large_image","twitter_misc":{"Est. reading time":"11\u00a0Minuten"},"schema":{"@context":"https:\/\/schema.org","@graph":[{"@type":"WebPage","@id":"https:\/\/tiszaparton.hu\/latnivalok-a-tisza-menten\/","url":"https:\/\/tiszaparton.hu\/latnivalok-a-tisza-menten\/","name":"L\u00e1tnival\u00f3k a Tisza ment\u00e9n - V\u00e1runk a TiszapartOn","isPartOf":{"@id":"https:\/\/tiszaparton.hu\/#website"},"primaryImageOfPage":{"@id":"https:\/\/tiszaparton.hu\/latnivalok-a-tisza-menten\/#primaryimage"},"image":{"@id":"https:\/\/tiszaparton.hu\/latnivalok-a-tisza-menten\/#primaryimage"},"thumbnailUrl":"https:\/\/tiszaparton.hu\/wp-content\/uploads\/2023\/04\/latnivalotiszapuspoki-500x360.jpg","datePublished":"2023-04-25T15:28:18+00:00","dateModified":"2024-07-31T14:48:46+00:00","description":"Izgalmas l\u00e1tnival\u00f3k a Tisza ment\u00e9n: homokos strand, m\u00fazeum, r\u00f3zsakert. Kiad\u00f3 v\u00edzparti sz\u00e1ll\u00e1s a TiszapartOn: priv\u00e1t st\u00e9g, massz\u00e1zs...","breadcrumb":{"@id":"https:\/\/tiszaparton.hu\/latnivalok-a-tisza-menten\/#breadcrumb"},"inLanguage":"de","potentialAction":[{"@type":"ReadAction","target":["https:\/\/tiszaparton.hu\/latnivalok-a-tisza-menten\/"]}]},{"@type":"ImageObject","inLanguage":"de","@id":"https:\/\/tiszaparton.hu\/latnivalok-a-tisza-menten\/#primaryimage","url":"https:\/\/tiszaparton.hu\/wp-content\/uploads\/2023\/04\/latnivalotiszapuspoki-500x360.jpg","contentUrl":"https:\/\/tiszaparton.hu\/wp-content\/uploads\/2023\/04\/latnivalotiszapuspoki-500x360.jpg"},{"@type":"BreadcrumbList","@id":"https:\/\/tiszaparton.hu\/latnivalok-a-tisza-menten\/#breadcrumb","itemListElement":[{"@type":"ListItem","position":1,"name":"F\u0151oldal","item":"https:\/\/tiszaparton.hu\/"},{"@type":"ListItem","position":2,"name":"L\u00e1tnival\u00f3k"}]},{"@type":"WebSite","@id":"https:\/\/tiszaparton.hu\/#website","url":"https:\/\/tiszaparton.hu\/","name":"TiszapartOn","description":"K\u00f6zvetlen V\u00edzparti Sz\u00e1ll\u00e1shely Priv\u00e1t St\u00e9ggel","publisher":{"@id":"https:\/\/tiszaparton.hu\/#organization"},"potentialAction":[{"@type":"SearchAction","target":{"@type":"EntryPoint","urlTemplate":"https:\/\/tiszaparton.hu\/?s={search_term_string}"},"query-input":{"@type":"PropertyValueSpecification","valueRequired":true,"valueName":"search_term_string"}}],"inLanguage":"de"},{"@type":"Organization","@id":"https:\/\/tiszaparton.hu\/#organization","name":"TiszapartOn","url":"https:\/\/tiszaparton.hu\/","logo":{"@type":"ImageObject","inLanguage":"de","@id":"https:\/\/tiszaparton.hu\/#\/schema\/logo\/image\/","url":"https:\/\/tiszaparton.hu\/wp-content\/uploads\/2023\/01\/logo.jpg","contentUrl":"https:\/\/tiszaparton.hu\/wp-content\/uploads\/2023\/01\/logo.jpg","width":395,"height":95,"caption":"TiszapartOn"},"image":{"@id":"https:\/\/tiszaparton.hu\/#\/schema\/logo\/image\/"},"sameAs":["https:\/\/www.facebook.com\/tiszaparton\/","https:\/\/www.instagram.com\/tiszaparton\/","https:\/\/www.tiktok.com\/@tiszaparton"]}]}},"ticketed":false,"_links":{"self":[{"href":"https:\/\/tiszaparton.hu\/de\/wp-json\/wp\/v2\/pages\/1795","targetHints":{"allow":["GET"]}}],"collection":[{"href":"https:\/\/tiszaparton.hu\/de\/wp-json\/wp\/v2\/pages"}],"about":[{"href":"https:\/\/tiszaparton.hu\/de\/wp-json\/wp\/v2\/types\/page"}],"author":[{"embeddable":true,"href":"https:\/\/tiszaparton.hu\/de\/wp-json\/wp\/v2\/users\/1"}],"replies":[{"embeddable":true,"href":"https:\/\/tiszaparton.hu\/de\/wp-json\/wp\/v2\/comments?post=1795"}],"version-history":[{"count":245,"href":"https:\/\/tiszaparton.hu\/de\/wp-json\/wp\/v2\/pages\/1795\/revisions"}],"predecessor-version":[{"id":4244,"href":"https:\/\/tiszaparton.hu\/de\/wp-json\/wp\/v2\/pages\/1795\/revisions\/4244"}],"wp:attachment":[{"href":"https:\/\/tiszaparton.hu\/de\/wp-json\/wp\/v2\/media?parent=1795"}],"curies":[{"name":"wp","href":"https:\/\/api.w.org\/{rel}","templated":true}]}}